{"id":256,"date":"2025-08-01T20:02:29","date_gmt":"2025-08-01T20:02:29","guid":{"rendered":"https:\/\/micromacroart.com\/micro\/?page_id=256"},"modified":"2025-10-31T11:23:07","modified_gmt":"2025-10-31T09:23:07","slug":"datenschutz","status":"publish","type":"page","link":"https:\/\/micromacroart.com\/micro\/datenschutz\/","title":{"rendered":"Datenschutz"},"content":{"rendered":"<p>[et_pb_section fb_built=&#8220;1&#8243; _builder_version=&#8220;4.21.2&#8243; _module_preset=&#8220;default&#8220; global_colors_info=&#8220;{}&#8220;][et_pb_row _builder_version=&#8220;4.21.2&#8243; _module_preset=&#8220;default&#8220; global_colors_info=&#8220;{}&#8220;][et_pb_column type=&#8220;4_4&#8243; _builder_version=&#8220;4.21.2&#8243; _module_preset=&#8220;default&#8220; global_colors_info=&#8220;{}&#8220;][et_pb_text _builder_version=&#8220;4.21.2&#8243; _module_preset=&#8220;305128c6-9813-4b79-b7b9-7139d3703b88&#8243; text_orientation=&#8220;center&#8220; global_colors_info=&#8220;{}&#8220;]<\/p>\n<div id=\"shopify-section-template--21071198617903__e9fd8848-44f9-497e-b4e7-800ea8840fe3\" class=\"shopify-section shopify-section--rich-text\">\n<section class=\"section \">\n<div>\n<div class=\"section__color-wrapper \">\n<div class=\"container \">\n<div class=\"content-box content-box--medium content-box--text-center content-box--center text-container\">\n<h1 class=\"heading h2\"><span>Datenschutz-<br \/>erkl<\/span><span>\u00e4<\/span><span>rung<\/span><\/h1>\n<\/div>\n<\/div>\n<\/div>\n<\/div>\n<\/section>\n<\/div>\n<p>[\/et_pb_text][\/et_pb_column][\/et_pb_row][\/et_pb_section][et_pb_section fb_built=&#8220;1&#8243; _builder_version=&#8220;4.21.2&#8243; _module_preset=&#8220;default&#8220; max_width_tablet=&#8220;&#8220; max_width_phone=&#8220;85%&#8220; max_width_last_edited=&#8220;on|phone&#8220; module_alignment=&#8220;center&#8220; global_colors_info=&#8220;{}&#8220;][et_pb_row make_equal=&#8220;on&#8220; _builder_version=&#8220;4.21.2&#8243; _module_preset=&#8220;default&#8220; width=&#8220;100%&#8220; max_width=&#8220;1280px&#8220; global_colors_info=&#8220;{}&#8220;][et_pb_column type=&#8220;4_4&#8243; _builder_version=&#8220;4.21.2&#8243; _module_preset=&#8220;default&#8220; global_colors_info=&#8220;{}&#8220;][et_pb_text _builder_version=&#8220;4.21.2&#8243; _module_preset=&#8220;default&#8220; global_colors_info=&#8220;{}&#8220;]<\/p>\n<p><span>Einleitung und \u00dcberblick<\/span><\/p>\n<p><span>Wir haben diese Datenschutzerkl<\/span><span>\u00e4<\/span><span>rung (Fassung 08.08.2025-123040436) verfasst, um Ihnen gem\u00e4\u00df der Vorgaben der <\/span><span><a href=\"https:\/\/eur-lex.europa.eu\/legal-content\/DE\/TXT\/HTML\/?uri=CELEX:32016R0679&amp;from=DE&amp;tid=123040436#d1e2269-1-1\" target=\"_blank\" rel=\"noopener\">Datenschutz-Grundverordnung (EU) 2016\/679<\/a><\/span><span> und anwendbaren nationalen Gesetzen zu erkl<\/span><span>\u00e4<\/span><span>ren, welche personenbezogenen Daten (kurz Daten) wir als Verantwortliche <\/span><span>\u2013 <\/span><span>und die von uns beauftragten Auftragsverarbeiter (z. B. Provider) <\/span><span>\u2013 <\/span><span>verarbeiten, zuk<\/span><span>\u00fc<\/span><span>nftig verarbeiten werden und welche rechtm\u00e4\u00dfigen M<\/span><span>\u00f6<\/span><span>glichkeiten Sie haben. Die verwendeten Begriffe sind geschlechtsneutral zu verstehen.<\/span><span><br \/><\/span><span>Kurz gesagt: Wir informieren Sie umfassend <\/span><span>\u00fc<\/span><span>ber Daten, die wir <\/span><span>\u00fc<\/span><span>ber Sie verarbeiten.<\/span><\/p>\n<p><span>Datenschutzerkl<\/span><span>\u00e4<\/span><span>rungen klingen f<\/span><span>\u00fc<\/span><span>r gew<\/span><span>\u00f6<\/span><span>hnlich sehr technisch und verwenden juristische Fachbegriffe. Diese Datenschutzerkl<\/span><span>\u00e4<\/span><span>rung soll Ihnen hingegen die wichtigsten Dinge so einfach und transparent wie m<\/span><span>\u00f6<\/span><span>glich beschreiben. Soweit es der Transparenz f<\/span><span>\u00f6<\/span><span>rderlich ist, werden technische Begriffe leserfreundlich erkl<\/span><span>\u00e4<\/span><span>rt, Links zu weiterf<\/span><span>\u00fc<\/span><span>hrenden Informationen geboten und Grafiken zum Einsatz gebracht. Wir informieren damit in klarer und einfacher Sprache, dass wir im Rahmen unserer Gesch<\/span><span>\u00e4<\/span><span>ftst<\/span><span>\u00e4<\/span><span>tigkeiten nur dann personenbezogene Daten verarbeiten, wenn eine entsprechende gesetzliche Grundlage gegeben ist. Das ist sicher nicht m<\/span><span>\u00f6<\/span><span>glich, wenn man m<\/span><span>\u00f6<\/span><span>glichst knappe, unklare und juristisch-technische Erkl<\/span><span>\u00e4<\/span><span>rungen abgibt, so wie sie im Internet oft Standard sind, wenn es um Datenschutz geht. Ich hoffe, Sie finden die folgenden Erl<\/span><span>\u00e4<\/span><span>uterungen interessant und informativ und vielleicht ist die eine oder andere Information dabei, die Sie noch nicht kannten.<\/span><span><br \/><\/span><span>Wenn trotzdem Fragen bleiben, m<\/span><span>\u00f6<\/span><span>chten wir Sie bitten, sich an die unten bzw. im Impressum genannte verantwortliche Stelle zu wenden, den vorhandenen Links zu folgen und sich weitere Informationen auf Drittseiten anzusehen. Unsere Kontaktdaten finden Sie selbstverst<\/span><span>\u00e4<\/span><span>ndlich auch im Impressum.<\/span><\/p>\n<p><span>Anwendungsbereich<\/span><\/p>\n<p><span>Diese Datenschutzerkl<\/span><span>\u00e4<\/span><span>rung gilt f<\/span><span>\u00fc<\/span><span>r alle von uns im Unternehmen verarbeiteten personenbezogenen Daten und f<\/span><span>\u00fc<\/span><span>r alle personenbezogenen Daten, die von uns beauftragte Firmen (Auftragsverarbeiter) verarbeiten. Mit personenbezogenen Daten meinen wir Informationen im Sinne des Art. 4 Nr. 1 DSGVO wie zum Beispiel Name, E-Mail-Adresse und postalische Anschrift einer Person. Die Verarbeitung personenbezogener Daten sorgt daf<\/span><span>\u00fc<\/span><span>r, dass wir unsere Dienstleistungen und Produkte anbieten und abrechnen k<\/span><span>\u00f6<\/span><span>nnen, sei es online oder offline. Der Anwendungsbereich dieser Datenschutzerkl<\/span><span>\u00e4<\/span><span>rung umfasst:<\/span><\/p>\n<ul>\n<li><span>alle Onlineauftritte (Websites, Onlineshops), die wir betreiben<\/span><\/li>\n<li><span>Social Media Auftritte und E-Mail-Kommunikation<\/span><\/li>\n<li><span>mobile Apps f<\/span><span>\u00fc<\/span><span>r Smartphones und andere Ger<\/span><span>\u00e4te<\/span><\/li>\n<\/ul>\n<p><span>Kurz gesagt: Die Datenschutzerkl<\/span><span>\u00e4<\/span><span>rung gilt f<\/span><span>\u00fc<\/span><span>r alle Bereiche, in denen personenbezogene Daten im Unternehmen <\/span><span>\u00fc<\/span><span>ber die genannten Kan<\/span><span>\u00e4<\/span><span>le strukturiert verarbeitet werden. Sollten wir au\u00dferhalb dieser Kan<\/span><span>\u00e4<\/span><span>le mit Ihnen in Rechtsbeziehungen eintreten, werden wir Sie gegebenenfalls gesondert informieren.<\/span><\/p>\n<p><span>Rechtsgrundlagen<\/span><\/p>\n<p><span>In der folgenden Datenschutzerkl<\/span><span>\u00e4<\/span><span>rung geben wir Ihnen transparente Informationen zu den rechtlichen Grunds<\/span><span>\u00e4<\/span><span>tzen und Vorschriften, also den Rechtsgrundlagen der Datenschutz-Grundverordnung, die uns erm<\/span><span>\u00f6<\/span><span>glichen, personenbezogene Daten zu verarbeiten.<\/span><span><br \/><\/span><span>Was das EU-Recht betrifft, beziehen wir uns auf die VERORDNUNG (EU) 2016\/679 DES EUROP<\/span><span>\u00c4<\/span><span>ISCHEN PARLAMENTS UND DES RATES vom 27. April 2016. Diese Datenschutz-Grundverordnung der EU k<\/span><span>\u00f6<\/span><span>nnen Sie selbstverst<\/span><span>\u00e4<\/span><span>ndlich online auf EUR-Lex, dem Zugang zum EU-Recht, unter <\/span><span><a href=\"https:\/\/eur-lex.europa.eu\/legal-content\/DE\/ALL\/?uri=celex%3A32016R0679\" target=\"_blank\" rel=\"noopener\">https:\/\/eur-lex.europa.eu\/legal-content\/DE\/ALL\/?uri=celex%3A32016R0679<\/a><\/span><span> nachlesen.<\/span><\/p>\n<p><span>Wir verarbeiten Ihre Daten nur, wenn mindestens eine der folgenden Bedingungen zutrifft:<\/span><\/p>\n<ol>\n<li><span>Einwilligung (Artikel 6 Absatz 1 lit. a DSGVO): Sie haben uns Ihre Einwilligung gegeben, Daten zu einem bestimmten Zweck zu verarbeiten. Ein Beispiel w<\/span><span>\u00e4<\/span><span>re die Speicherung Ihrer eingegebenen Daten eines Kontaktformulars.<\/span><\/li>\n<li><span>Vertrag (Artikel 6 Absatz 1 lit. b DSGVO): Um einen Vertrag oder vorvertragliche Verpflichtungen mit Ihnen zu erf<\/span><span>\u00fc<\/span><span>llen, verarbeiten wir Ihre Daten. Wenn wir zum Beispiel einen Kaufvertrag mit Ihnen abschlie\u00df<\/span><span>en, ben<\/span><span>\u00f6<\/span><span>tigen wir vorab personenbezogene Informationen.<\/span><\/li>\n<li><span>Rechtliche Verpflichtung (Artikel 6 Absatz 1 lit. c DSGVO): Wenn wir einer rechtlichen Verpflichtung unterliegen, verarbeiten wir Ihre Daten. Zum Beispiel sind wir gesetzlich verpflichtet Rechnungen f<\/span><span>\u00fc<\/span><span>r die Buchhaltung aufzuheben. Diese enthalten in der Regel personenbezogene Daten.<\/span><\/li>\n<li><span>Berechtigte Interessen (Artikel 6 Absatz 1 lit. f DSGVO): Im Falle berechtigter Interessen, die Ihre Grundrechte nicht einschr<\/span><span>\u00e4<\/span><span>nken, behalten wir uns die Verarbeitung personenbezogener Daten vor. Wir m<\/span><span>\u00fc<\/span><span>ssen zum Beispiel gewisse Daten verarbeiten, um unsere Website sicher und wirtschaftlich effizient betreiben zu k<\/span><span>\u00f6<\/span><span> Diese Verarbeitung ist somit ein berechtigtes Interesse.<\/span><\/li>\n<\/ol>\n<p><span>Weitere Bedingungen wie die Wahrnehmung von Aufnahmen im <\/span><span>\u00f6<\/span><span>ffentlichen Interesse und Aus<\/span><span>\u00fc<\/span><span>bung <\/span><span>\u00f6<\/span><span>ffentlicher Gewalt sowie dem Schutz lebenswichtiger Interessen treten bei uns in der Regel nicht auf. Soweit eine solche Rechtsgrundlage doch einschl<\/span><span>\u00e4<\/span><span>gig sein sollte, wird diese an der entsprechenden Stelle ausgewiesen.<\/span><\/p>\n<p><span>Zus<\/span><span>\u00e4<\/span><span>tzlich zu der EU-Verordnung gelten auch noch nationale Gesetze:<\/span><\/p>\n<ul>\n<li><span>In <\/span><span>\u00d6<\/span><span>sterreich ist dies das Bundesgesetz zum Schutz nat<\/span><span>\u00fc<\/span><span>rlicher Personen bei der Verarbeitung personenbezogener Daten (Datenschutzgesetz), kurz DSG.<\/span><\/li>\n<li><span>In Deutschland gilt das Bundesdatenschutzgesetz, kurz BDSG.<\/span><\/li>\n<\/ul>\n<p><span>Sofern weitere regionale oder nationale Gesetze zur Anwendung kommen, informieren wir Sie in den folgenden Abschnitten dar<\/span><span>\u00fcber.<\/span><\/p>\n<p><span>Kontaktdaten des Verantwortlichen<\/span><\/p>\n<p><span>Sollten Sie Fragen zum Datenschutz oder zur Verarbeitung personenbezogener Daten haben, finden Sie nachfolgend die Kontaktdaten des Verantwortlichen gem\u00e4\u00df Artikel 4 Absatz 7 EU-Datenschutz-Grundverordnung (DSGVO):<\/span><span><br \/><\/span><span>Erich Schopf<\/span><span><br \/><\/span><span>Eiswerkstra<\/span><span>\u00df<\/span><span>e 7<br \/><\/span><span>1220 Wien<\/span><span><br \/><\/span><span>Vertretungsberechtigt: Ulrich Kallinger<\/span><span><br \/><\/span><span>E-Mail: <\/span><span><a href=\"mailto:office@micromacroart.com\">office@micromacroart.com<\/a><\/span><span><br \/><\/span><span><br \/><\/span><span>Speicherdauer<\/span><\/p>\n<p><span>Dass wir personenbezogene Daten nur so lange speichern, wie es f<\/span><span>\u00fc<\/span><span>r die Bereitstellung unserer Dienstleistungen und Produkte unbedingt notwendig ist, gilt als generelles Kriterium bei uns. Das bedeutet, dass wir personenbezogene Daten l<\/span><span>\u00f6<\/span><span>schen, sobald der Grund f<\/span><span>\u00fc<\/span><span>r die Datenverarbeitung nicht mehr vorhanden ist. In einigen F<\/span><span>\u00e4<\/span><span>llen sind wir gesetzlich dazu verpflichtet, bestimmte Daten auch nach Wegfall des urspr<\/span><span>\u00fc<\/span><span>ngliches Zwecks zu speichern, zum Beispiel zu Zwecken der Buchf<\/span><span>\u00fc<\/span><span>hrung.<\/span><\/p>\n<p><span>Sollten Sie die L<\/span><span>\u00f6<\/span><span>schung Ihrer Daten w<\/span><span>\u00fc<\/span><span>nschen oder die Einwilligung zur Datenverarbeitung widerrufen, werden die Daten so rasch wie m<\/span><span>\u00f6<\/span><span>glich und soweit keine Pflicht zur Speicherung besteht, gel<\/span><span>\u00f6<\/span><span>scht.<\/span><\/p>\n<p><span>\u00dcber die konkrete Dauer der jeweiligen Datenverarbeitung informieren wir Sie weiter unten, sofern wir weitere Informationen dazu haben.<\/span><\/p>\n<p><span>Rechte laut Datenschutz-Grundverordnung<\/span><\/p>\n<p><span>Gem\u00e4\u00df Artikel 13, 14 DSGVO informieren wir Sie <\/span><span>\u00fc<\/span><span>ber die folgenden Rechte, die Ihnen zustehen, damit es zu einer fairen und transparenten Verarbeitung von Daten kommt:<\/span><\/p>\n<ul>\n<li><span>Sie haben laut Artikel 15 DSGVO ein Auskunftsrecht dar<\/span><span>\u00fc<\/span><span>ber, ob wir Daten von Ihnen verarbeiten. Sollte das zutreffen, haben Sie Recht darauf eine Kopie der Daten zu erhalten und die folgenden Informationen zu erfahren:<\/span>\n<ul>\n<li><span>zu welchem Zweck wir die Verarbeitung durchf<\/span><span>\u00fc<\/span><span>hren;<\/span><\/li>\n<li><span>die Kategorien, also die Arten von Daten, die verarbeitet werden;<\/span><\/li>\n<li><span>wer diese Daten erh<\/span><span>\u00e4<\/span><span>lt und wenn die Daten an Drittl<\/span><span>\u00e4<\/span><span>nder <\/span><span>\u00fc<\/span><span>bermittelt werden, wie die Sicherheit garantiert werden kann;<\/span><\/li>\n<li><span>wie lange die Daten gespeichert werden;<\/span><\/li>\n<li><span>das Bestehen des Rechts auf Berichtigung, L<\/span><span>\u00f6<\/span><span>schung oder Einschr<\/span><span>\u00e4<\/span><span>nkung der Verarbeitung und dem Widerspruchsrecht gegen die Verarbeitung;<\/span><\/li>\n<li><span>dass Sie sich bei einer Aufsichtsbeh<\/span><span>\u00f6<\/span><span>rde beschweren k<\/span><span>\u00f6<\/span><span>nnen (Links zu diesen Beh<\/span><span>\u00f6<\/span><span>rden finden Sie weiter unten);<\/span><\/li>\n<li><span>die Herkunft der Daten, wenn wir sie nicht bei Ihnen erhoben haben;<\/span><\/li>\n<li><span>ob Profiling durchgef<\/span><span>\u00fc<\/span><span>hrt wird, ob also Daten automatisch ausgewertet werden, um zu einem pers<\/span><span>\u00f6<\/span><span>nlichen Profil von Ihnen zu gelangen.<\/span><\/li>\n<\/ul>\n<\/li>\n<li><span>Sie haben laut Artikel 16 DSGVO ein Recht auf Berichtigung der Daten, was bedeutet, dass wir Daten richtig stellen m<\/span><span>\u00fc<\/span><span>ssen, falls Sie Fehler finden.<\/span><\/li>\n<li><span>Sie haben laut Artikel 17 DSGVO das Recht auf L<\/span><span>\u00f6<\/span><span>schung (<\/span><span>\u201e<\/span><span>Recht auf Vergessenwerden<\/span><span>\u201c<\/span><span>), was konkret bedeutet, dass Sie die L<\/span><span>\u00f6<\/span><span>schung Ihrer Daten verlangen d<\/span><span>\u00fcrfen.<\/span><\/li>\n<li><span>Sie haben laut Artikel 18 DSGVO das Recht auf Einschr<\/span><span>\u00e4<\/span><span>nkung der Verarbeitung, was bedeutet, dass wir die Daten nur mehr speichern d<\/span><span>\u00fc<\/span><span>rfen aber nicht weiter verwenden.<\/span><\/li>\n<li><span>Sie haben laut Artikel 20 DSGVO das Recht auf Daten<\/span><span>\u00fc<\/span><span>bertragbarkeit, was bedeutet, dass wir Ihnen auf Anfrage Ihre Daten in einem g<\/span><span>\u00e4<\/span><span>ngigen Format zur Verf<\/span><span>\u00fc<\/span><span>gung stellen.<\/span><\/li>\n<li><span>Sie haben laut Artikel 21 DSGVO ein Widerspruchsrecht, welches nach Durchsetzung eine <\/span><span>\u00c4<\/span><span>nderung der Verarbeitung mit sich bringt.<\/span>\n<ul>\n<li><span>Wenn die Verarbeitung Ihrer Daten auf Artikel 6 Abs. 1 lit. e (<\/span><span>\u00f6<\/span><span>ffentliches Interesse, Aus<\/span><span>\u00fc<\/span><span>bung <\/span><span>\u00f6<\/span><span>ffentlicher Gewalt) oder Artikel 6 Abs. 1 lit. f (berechtigtes Interesse) basiert, k<\/span><span>\u00f6<\/span><span>nnen Sie gegen die Verarbeitung Widerspruch einlegen. Wir pr<\/span><span>\u00fc<\/span><span>fen danach so rasch wie m<\/span><span>\u00f6<\/span><span>glich, ob wir diesem Widerspruch rechtlich nachkommen k<\/span><span>\u00f6<\/span><span><\/span><\/li>\n<li><span>Werden Daten verwendet, um Direktwerbung zu betreiben, k<\/span><span>\u00f6<\/span><span>nnen Sie jederzeit gegen diese Art der Datenverarbeitung widersprechen. Wir d<\/span><span>\u00fc<\/span><span>rfen Ihre Daten danach nicht mehr f<\/span><span>\u00fc<\/span><span>r Direktmarketing verwenden.<\/span><\/li>\n<li><span>Werden Daten verwendet, um Profiling zu betreiben, k<\/span><span>\u00f6<\/span><span>nnen Sie jederzeit gegen diese Art der Datenverarbeitung widersprechen. Wir d<\/span><span>\u00fc<\/span><span>rfen Ihre Daten danach nicht mehr f<\/span><span>\u00fc<\/span><span>r Profiling verwenden.<\/span><\/li>\n<\/ul>\n<\/li>\n<li><span>Sie haben laut Artikel 22 DSGVO unter Umst<\/span><span>\u00e4<\/span><span>nden das Recht, nicht einer ausschlie\u00dflich auf einer automatisierten Verarbeitung (zum Beispiel Profiling) beruhenden Entscheidung unterworfen zu werden.<\/span><\/li>\n<li><span>Sie haben laut Artikel 77 DSGVO das Recht auf Beschwerde. Das hei\u00dft, Sie k<\/span><span>\u00f6<\/span><span>nnen sich jederzeit bei der Datenschutzbeh<\/span><span>\u00f6<\/span><span>rde beschweren, wenn Sie der Meinung sind, dass die Datenverarbeitung von personenbezogenen Daten gegen die DSGVO verst\u00f6\u00df<\/span><span><\/span><\/li>\n<\/ul>\n<p><span>Kurz gesagt: Sie haben Rechte <\/span><span>\u2013 z<\/span><span>\u00f6<\/span><span>gern Sie nicht, die oben gelistete verantwortliche Stelle bei uns zu kontaktieren!<\/span><\/p>\n<p><span>Wenn Sie glauben, dass die Verarbeitung Ihrer Daten gegen das Datenschutzrecht verst\u00f6\u00dft oder Ihre datenschutzrechtlichen Anspr<\/span><span>\u00fc<\/span><span>che in sonst einer Weise verletzt worden sind, k<\/span><span>\u00f6<\/span><span>nnen Sie sich bei der Aufsichtsbeh<\/span><span>\u00f6<\/span><span>rde beschweren. Diese ist f<\/span><span>\u00fcr \u00d6<\/span><span>sterreich die Datenschutzbeh<\/span><span>\u00f6<\/span><span>rde, deren Website Sie unter <\/span><span><a href=\"https:\/\/www.dsb.gv.at\/?tid=123040436\" target=\"_blank\" rel=\"noopener\">https:\/\/www.dsb.gv.at\/<\/a><\/span><span> finden. In Deutschland gibt es f<\/span><span>\u00fc<\/span><span>r jedes Bundesland einen Datenschutzbeauftragten. F<\/span><span>\u00fcr n\u00e4<\/span><span>here Informationen k<\/span><span>\u00f6<\/span><span>nnen Sie sich an die <\/span><span><a href=\"https:\/\/www.bfdi.bund.de\/DE\/Home\/home_node.html\" target=\"_blank\" rel=\"noopener\">Bundesbeauftragte f\u00fcr den Datenschutz und die Informationsfreiheit (BfDI)<\/a><\/span><span> wenden. F<\/span><span>\u00fc<\/span><span>r unser Unternehmen ist die folgende lokale Datenschutzbeh<\/span><span>\u00f6<\/span><span>rde zust<\/span><span>\u00e4<\/span><span>ndig:<\/span><\/p>\n<p><span>Erkl<\/span><span>\u00e4<\/span><span>rung verwendeter Begriffe<\/span><\/p>\n<p><span>Wir sind stets bem<\/span><span>\u00fc<\/span><span>ht unsere Datenschutzerkl<\/span><span>\u00e4<\/span><span>rung so klar und verst<\/span><span>\u00e4<\/span><span>ndlich wie m<\/span><span>\u00f6<\/span><span>glich zu verfassen. Besonders bei technischen und rechtlichen Themen ist das allerdings nicht immer ganz einfach. Es macht oft Sinn juristische Begriffe (wie z. B. personenbezogene Daten) oder bestimmte technische Ausdr<\/span><span>\u00fc<\/span><span>cke (wie z. B. Cookies, IP-Adresse) zu verwenden. Wir m<\/span><span>\u00f6<\/span><span>chte diese aber nicht ohne Erkl<\/span><span>\u00e4<\/span><span>rung verwenden. Nachfolgend finden Sie nun eine alphabetische Liste von wichtigen verwendeten Begriffen, auf die wir in der bisherigen Datenschutzerkl<\/span><span>\u00e4<\/span><span>rung vielleicht noch nicht ausreichend eingegangen sind. Falls diese Begriffe der DSGVO entnommen wurden und es sich um Begriffsbestimmungen handelt, werden wir hier auch die DSGVO-Texte anf<\/span><span>\u00fc<\/span><span>hren und gegebenenfalls noch eigene Erl<\/span><span>\u00e4<\/span><span>uterungen hinzuf<\/span><span>\u00fcgen.<\/span><\/p>\n<p><span>Auftragsverarbeiter<\/span><\/p>\n<p><span>Begriffsbestimmung nach Artikel 4 der DSGVO<\/span><\/p>\n<p><span>Im Sinne dieser Verordnung bezeichnet der Ausdruck:<\/span><\/p>\n<p>\u201eAuftragsverarbeiter\u201c eine nat\u00fcrliche oder juristische Person, Beh\u00f6rde, Einrichtung oder andere Stelle, die personenbezogene Daten im Auftrag des Verantwortlichen verarbeitet;<\/p>\n<p><span>Erl<\/span><span>\u00e4<\/span><span>uterung: Wir sind als Unternehmen und Websiteinhaber f<\/span><span>\u00fc<\/span><span>r alle Daten, die wir von Ihnen verarbeiten verantwortlich. Neben den Verantwortlichen kann es auch sogenannte Auftragsverarbeiter geben. Dazu z<\/span><span>\u00e4<\/span><span>hlt jedes Unternehmen bzw. jede Person, die in unserem Auftrag personenbezogene Daten verarbeitet. Auftragsverarbeiter k<\/span><span>\u00f6<\/span><span>nnen folglich, neben Dienstleistern wie Steuerberater, etwa auch Hosting- oder Cloudanbieter, Bezahlungs- oder Newsletter-Anbieter oder gro\u00dfe Unternehmen wie beispielsweise Google oder Microsoft sein.<\/span><\/p>\n<p><span>Einwilligung<\/span><\/p>\n<p><span>Begriffsbestimmung nach Artikel 4 der DSGVO<\/span><\/p>\n<p><span>Im Sinne dieser Verordnung bezeichnet der Ausdruck:<\/span><\/p>\n<p>\u201eEinwilligung\u201c der betroffenen Person jede freiwillig f\u00fcr den bestimmten Fall, in informierter Weise und unmissverst\u00e4ndlich abgegebene Willensbekundung in Form einer Erkl\u00e4rung oder einer sonstigen eindeutigen best\u00e4tigenden Handlung, mit der die betroffene Person zu verstehen gibt, dass sie mit der Verarbeitung der sie betreffenden personenbezogenen Daten einverstanden ist;<\/p>\n<p><span>Erl<\/span><span>\u00e4<\/span><span>uterung: In der Regel erfolgt bei Websites eine solche Einwilligung <\/span><span>\u00fc<\/span><span>ber ein Cookie-Consent-Tool. Sie kennen das bestimmt. Immer wenn Sie erstmals eine Website besuchen, werden Sie meist <\/span><span>\u00fc<\/span><span>ber einen Banner gefragt, ob Sie der Datenverarbeitung zustimmen bzw. einwilligen. Meist k<\/span><span>\u00f6<\/span><span>nnen Sie auch individuelle Einstellungen treffen und so selbst entscheiden, welche Datenverarbeitung Sie erlauben und welche nicht. Wenn Sie nicht einwilligen, d<\/span><span>\u00fc<\/span><span>rfen auch keine personenbezogene Daten von Ihnen verarbeitet werden. Grunds<\/span><span>\u00e4<\/span><span>tzlich kann eine Einwilligung nat<\/span><span>\u00fc<\/span><span>rlich auch schriftlich, also nicht <\/span><span>\u00fc<\/span><span>ber ein Tool, erfolgen.<\/span><\/p>\n<p><span>Personenbezogene Daten<\/span><\/p>\n<p><span>Begriffsbestimmung nach Artikel 4 der DSGVO<\/span><\/p>\n<p><span>Im Sinne dieser Verordnung bezeichnet der Ausdruck:<\/span><\/p>\n<p>\u201epersonenbezogene Daten\u201c alle Informationen, die sich auf eine identifizierte oder identifizierbare nat\u00fcrliche Person (im Folgenden \u201ebetroffene Person\u201c) beziehen; als identifizierbar wird eine nat\u00fcrliche Person angesehen, die direkt oder indirekt, insbesondere mittels Zuordnung zu einer Kennung wie einem Namen, zu einer Kennnummer, zu Standortdaten, zu einer Online-Kennung oder zu einem oder mehreren besonderen Merkmalen, die Ausdruck der physischen, physiologischen, genetischen, psychischen, wirtschaftlichen, kulturellen oder sozialen Identit\u00e4t dieser nat\u00fcrlichen Person sind, identifiziert werden kann;<\/p>\n<p><span>Erl<\/span><span>\u00e4<\/span><span>uterung: Personenbezogene Daten sind also all jene Daten, die Sie als Person identifizieren k<\/span><span>\u00f6<\/span><span>nnen. Das sind in der Regel Daten wie etwa:<\/span><\/p>\n<ul>\n<li><span>Name<\/span><\/li>\n<li><span>Adresse<\/span><\/li>\n<li><span>E-Mail-Adresse<\/span><\/li>\n<li><span>Post-Anschrift<\/span><\/li>\n<li><span>Telefonnummer<\/span><\/li>\n<li><span>Geburtsdatum<\/span><\/li>\n<li><span>Kennnummern wie Sozialversicherungsnummer, Steueridentifikationsnummer, Personalausweisnummer oder Matrikelnummer<\/span><\/li>\n<li><span>Bankdaten wie Kontonummer, Kreditinformationen, Kontost<\/span><span>\u00e4nde uvm.<\/span><\/li>\n<\/ul>\n<p><span>Laut Europ<\/span><span>\u00e4<\/span><span>ischem Gerichtshof (EuGH) z<\/span><span>\u00e4<\/span><span>hlt auch Ihre IP-Adresse zu den personenbezogenen Daten. IT-Experten k<\/span><span>\u00f6<\/span><span>nnen anhand Ihrer IP-Adresse zumindest den ungef<\/span><span>\u00e4<\/span><span>hren Standort Ihres Ger<\/span><span>\u00e4<\/span><span>ts und in weiterer Folge Sie als Anschlussinhabers feststellen. Daher ben<\/span><span>\u00f6<\/span><span>tigt auch das Speichern einer IP-Adresse eine Rechtsgrundlage im Sinne der DSGVO. Es gibt auch noch sogenannte <\/span><span>\u201e<\/span><span>besondere Kategorien\u201c der personenbezogenen Daten, die auch besonders sch<\/span><span>\u00fc<\/span><span>tzenswert sind. Dazu z<\/span><span>\u00e4<\/span><span>hlen:<\/span><\/p>\n<ul>\n<li><span>rassische und ethnische Herkunft<\/span><\/li>\n<li><span>politische Meinungen<\/span><\/li>\n<li><span>religi\u00f6<\/span><span>se bzw. weltanschauliche \u00dcberzeugungen<\/span><\/li>\n<li><span>die Gewerkschaftszugeh<\/span><span>\u00f6<\/span><span>rigkeit<\/span><\/li>\n<li><span>genetische Daten wie beispielsweise Daten, die aus Blut- oder Speichelproben entnommen werden<\/span><\/li>\n<li><span>biometrische Daten (das sind Informationen zu psychischen, k<\/span><span>\u00f6<\/span><span>rperlichen oder verhaltenstypischen Merkmalen, die eine Person identifizieren k<\/span><span>\u00f6<\/span><span>nnen).<\/span><span><br \/><\/span><span>Gesundheitsdaten<\/span><\/li>\n<li><span>Daten zur sexuellen Orientierung oder zum Sexualleben<\/span><\/li>\n<\/ul>\n<p><span>Profiling<\/span><\/p>\n<p><span>Begriffsbestimmung nach Artikel 4 der DSGVO<\/span><\/p>\n<p><span>Im Sinne dieser Verordnung bezeichnet der Ausdruck:<\/span><\/p>\n<p>\u201eProfiling\u201c jede Art der automatisierten Verarbeitung personenbezogener Daten, die darin besteht, dass diese personenbezogenen Daten verwendet werden, um bestimmte pers\u00f6nliche Aspekte, die sich auf eine nat\u00fcrliche Person beziehen, zu bewerten, insbesondere um Aspekte bez\u00fcglich Arbeitsleistung, wirtschaftliche Lage, Gesundheit, pers\u00f6nliche Vorlieben, Interessen, Zuverl\u00e4ssigkeit, Verhalten, Aufenthaltsort oder Ortswechsel dieser nat\u00fcrlichen Person zu analysieren oder vorherzusagen;<\/p>\n<p><span>Erl<\/span><span>\u00e4<\/span><span>uterung: Beim Profiling werden verschiedene Informationen <\/span><span>\u00fc<\/span><span>ber eine Person zusammengetragen, um daraus mehr <\/span><span>\u00fc<\/span><span>ber diese Person zu erfahren. Im Webbereich wird Profiling h<\/span><span>\u00e4<\/span><span>ufig f<\/span><span>\u00fc<\/span><span>r Werbezwecke oder auch f<\/span><span>\u00fcr Bonit\u00e4<\/span><span>tspr<\/span><span>\u00fc<\/span><span>fungen angewandt. Web- bzw. Werbeanalyseprogramme sammeln zum Beispiel Daten <\/span><span>\u00fc<\/span><span>ber Ihre Verhalten und Ihre Interessen auf einer Website. Daraus ergibt sich ein spezielles Userprofil, mit dessen Hilfe Werbung gezielt an eine Zielgruppe ausgespielt werden kann.<\/span><\/p>\n<p><span>\u00a0<\/span><\/p>\n<p><span>Verantwortlicher<\/span><\/p>\n<p><span>Begriffsbestimmung nach Artikel 4 der DSGVO<\/span><\/p>\n<p><span>Im Sinne dieser Verordnung bezeichnet der Ausdruck:<\/span><\/p>\n<p>\u201eVerantwortlicher\u201c die nat\u00fcrliche oder juristische Person, Beh\u00f6rde, Einrichtung oder andere Stelle, die allein oder gemeinsam mit anderen \u00fcber die Zwecke und Mittel der Verarbeitung von personenbezogenen Daten entscheidet; sind die Zwecke und Mittel dieser Verarbeitung durch das Unionsrecht oder das Recht der Mitgliedstaaten vorgegeben, so kann der Verantwortliche beziehungsweise k\u00f6nnen die bestimmten Kriterien seiner Benennung nach dem Unionsrecht oder dem Recht der Mitgliedstaaten vorgesehen werden;<\/p>\n<p><span>Erl<\/span><span>\u00e4<\/span><span>uterung: In unserem Fall sind wir f<\/span><span>\u00fc<\/span><span>r die Verarbeitung Ihrer personenbezogenen Daten verantwortlich und folglich der <\/span><span>\u201c<\/span><span>Verantwortliche<\/span><span>\u201d<\/span><span>. Wenn wir erhobene Daten zur Verarbeitung an andere Dienstleister weitergeben, sind diese <\/span><span>\u201c<\/span><span>Auftragsverarbeiter<\/span><span>\u201d<\/span><span>. Daf<\/span><span>\u00fc<\/span><span>r muss ein <\/span><span>\u201c<\/span><span>Auftragsverarbeitungsvertrag (AVV)<\/span><span>\u201d <\/span><span>unterzeichnet werden.<\/span><\/p>\n<p><span>\u00a0<\/span><\/p>\n<p><span>Verarbeitung<\/span><\/p>\n<p><span>Begriffsbestimmung nach Artikel 4 der DSGVO<\/span><\/p>\n<p><span>Im Sinne dieser Verordnung bezeichnet der Ausdruck:<\/span><\/p>\n<p>\u201eVerarbeitung\u201c jeden mit oder ohne Hilfe automatisierter Verfahren ausgef\u00fchrten Vorgang oder jede solche Vorgangsreihe im Zusammenhang mit personenbezogenen Daten wie das Erheben, das Erfassen, die Organisation, das Ordnen, die Speicherung, die Anpassung oder Ver\u00e4nderung, das Auslesen, das Abfragen, die Verwendung, die Offenlegung durch \u00dcbermittlung, Verbreitung oder eine andere Form der Bereitstellung, den Abgleich oder die Verkn\u00fcpfung, die Einschr\u00e4nkung, das L\u00f6schen oder die Vernichtung;<\/p>\n<p><span>Anmerkung: Wenn wir in unserer Datenschutzerkl<\/span><span>\u00e4<\/span><span>rung von Verarbeitung sprechen, meinen wir damit jegliche Art von Datenverarbeitung. Dazu z<\/span><span>\u00e4<\/span><span>hlt, wie oben in der originalen DSGVO-Erkl<\/span><span>\u00e4<\/span><span>rung erw<\/span><span>\u00e4<\/span><span>hnt, nicht nur das Erheben sondern auch das Speichern und Verarbeiten von Daten.<\/span><\/p>\n<p><span>Alle Texte sind urheberrechtlich gesch<\/span><span>\u00fc<\/span><span>tzt.<\/span><\/p>\n<p><span>Quelle: <\/span><span><a href=\"https:\/\/www.adsimple.at\/datenschutz-generator\/\" target=\"_blank\" rel=\"noopener\">Datenschutzerkl\u00e4rung<\/a><\/span><span> erstellt mit dem Datenschutz Generator f<\/span><span>\u00fcr \u00d6<\/span><span>sterreich von AdSimple<\/span><\/p>\n<p>[\/et_pb_text][\/et_pb_column][\/et_pb_row][\/et_pb_section]<\/p>\n","protected":false},"excerpt":{"rendered":"<p>Datenschutz-erkl\u00e4rung Einleitung und \u00dcberblick Wir haben diese Datenschutzerkl\u00e4rung (Fassung 08.08.2025-123040436) verfasst, um Ihnen gem\u00e4\u00df der Vorgaben der Datenschutz-Grundverordnung (EU) 2016\/679 und anwendbaren nationalen Gesetzen zu erkl\u00e4ren, welche personenbezogenen Daten (kurz Daten) wir als Verantwortliche \u2013 und die von uns beauftragten Auftragsverarbeiter (z. B. Provider) \u2013 verarbeiten, zuk\u00fcnftig verarbeiten werden und welche rechtm\u00e4\u00dfigen M\u00f6glichkeiten Sie haben. [&hellip;]<\/p>\n","protected":false},"author":2,"featured_media":0,"parent":0,"menu_order":0,"comment_status":"closed","ping_status":"closed","template":"","meta":{"_et_pb_use_builder":"on","_et_pb_old_content":"<!-- wp:divi\/placeholder \/-->","_et_gb_content_width":"","footnotes":""},"class_list":["post-256","page","type-page","status-publish","hentry"],"_links":{"self":[{"href":"https:\/\/micromacroart.com\/micro\/wp-json\/wp\/v2\/pages\/256","targetHints":{"allow":["GET"]}}],"collection":[{"href":"https:\/\/micromacroart.com\/micro\/wp-json\/wp\/v2\/pages"}],"about":[{"href":"https:\/\/micromacroart.com\/micro\/wp-json\/wp\/v2\/types\/page"}],"author":[{"embeddable":true,"href":"https:\/\/micromacroart.com\/micro\/wp-json\/wp\/v2\/users\/2"}],"replies":[{"embeddable":true,"href":"https:\/\/micromacroart.com\/micro\/wp-json\/wp\/v2\/comments?post=256"}],"version-history":[{"count":5,"href":"https:\/\/micromacroart.com\/micro\/wp-json\/wp\/v2\/pages\/256\/revisions"}],"predecessor-version":[{"id":761,"href":"https:\/\/micromacroart.com\/micro\/wp-json\/wp\/v2\/pages\/256\/revisions\/761"}],"wp:attachment":[{"href":"https:\/\/micromacroart.com\/micro\/wp-json\/wp\/v2\/media?parent=256"}],"curies":[{"name":"wp","href":"https:\/\/api.w.org\/{rel}","templated":true}]}}