{"id":439,"date":"2025-08-08T15:22:04","date_gmt":"2025-08-08T13:22:04","guid":{"rendered":"https:\/\/micromacroart.com\/micro\/?page_id=439"},"modified":"2025-11-27T15:05:56","modified_gmt":"2025-11-27T13:05:56","slug":"ulrich-kallinger","status":"publish","type":"page","link":"https:\/\/micromacroart.com\/micro\/ulrich-kallinger\/","title":{"rendered":"Der Fotograf"},"content":{"rendered":"<p>[et_pb_section fb_built=&#8220;1&#8243; _builder_version=&#8220;4.21.2&#8243; _module_preset=&#8220;default&#8220; global_colors_info=&#8220;{}&#8220;][et_pb_row _builder_version=&#8220;4.21.2&#8243; _module_preset=&#8220;default&#8220; global_colors_info=&#8220;{}&#8220;][et_pb_column type=&#8220;4_4&#8243; _builder_version=&#8220;4.21.2&#8243; _module_preset=&#8220;default&#8220; global_colors_info=&#8220;{}&#8220;][et_pb_text _builder_version=&#8220;4.21.2&#8243; _module_preset=&#8220;305128c6-9813-4b79-b7b9-7139d3703b88&#8243; text_orientation=&#8220;center&#8220; global_colors_info=&#8220;{}&#8220;]<\/p>\n<div id=\"shopify-section-template--21071198617903__e9fd8848-44f9-497e-b4e7-800ea8840fe3\" class=\"shopify-section shopify-section--rich-text\">\n<section class=\"section \">\n<div>\n<div class=\"section__color-wrapper \">\n<div class=\"container \">\n<div class=\"content-box content-box--medium content-box--text-center content-box--center text-container\">\n<h1 class=\"heading h2\">Der FotograF<\/h1>\n<\/div>\n<\/div>\n<\/div>\n<\/div>\n<\/section>\n<\/div>\n<div id=\"shopify-section-template--21071198617903__3e45647c-2c20-436c-ba0e-58119ce03da8\" class=\"shopify-section shopify-section--image-with-text\">\n<section class=\"section \">\n<div><\/div>\n<\/section>\n<\/div>\n<p>[\/et_pb_text][\/et_pb_column][\/et_pb_row][\/et_pb_section][et_pb_section fb_built=&#8220;1&#8243; _builder_version=&#8220;4.21.2&#8243; _module_preset=&#8220;default&#8220; max_width_tablet=&#8220;&#8220; max_width_phone=&#8220;85%&#8220; max_width_last_edited=&#8220;on|phone&#8220; module_alignment=&#8220;center&#8220; global_colors_info=&#8220;{}&#8220;][et_pb_row column_structure=&#8220;1_2,1_2&#8243; make_equal=&#8220;on&#8220; _builder_version=&#8220;4.21.2&#8243; _module_preset=&#8220;default&#8220; width=&#8220;100%&#8220; max_width=&#8220;1280px&#8220; global_colors_info=&#8220;{}&#8220;][et_pb_column type=&#8220;1_2&#8243; _builder_version=&#8220;4.21.2&#8243; _module_preset=&#8220;default&#8220; global_colors_info=&#8220;{}&#8220;][et_pb_image src=&#8220;https:\/\/micromacroart.com\/micro\/wp-content\/uploads\/2025\/08\/zwei_ULI9070-2-Kopie-1.jpg&#8220; alt=&#8220;Ulrich Kallinger&#8220; title_text=&#8220;Ulrich Kallinger&#8220; _builder_version=&#8220;4.27.4&#8243; _module_preset=&#8220;default&#8220; global_colors_info=&#8220;{}&#8220;][\/et_pb_image][\/et_pb_column][et_pb_column type=&#8220;1_2&#8243; _builder_version=&#8220;4.21.2&#8243; _module_preset=&#8220;default&#8220; global_colors_info=&#8220;{}&#8220;][et_pb_text _builder_version=&#8220;4.27.4&#8243; _module_preset=&#8220;default&#8220; global_colors_info=&#8220;{}&#8220;]<\/p>\n<p><strong>Ulrich Kallinger &#8211; \u00a0Fotograf &amp; Lichtregisseur\u00a0<\/strong><\/p>\n<p>Kreativit\u00e4t, technisches Know-How, ein Auge f\u00fcr Details, Geduld, Flexibilit\u00e4t,<br \/>Kommunikationsf\u00e4higkeit, Leidenschaft und Verl\u00e4sslichkeit sind Grunds\u00e4ulen eines Fotografen.<\/p>\n<p>Ich bin in Ober\u00f6sterreich geboren und aufgewachsen, Berufssoldat, lebe in Wien und besch\u00e4ftige mich seit 2013 intensiv mit der Kunst der Fotografie. Meine Dienstzeit als Pressefotograf von 2013 bis 2017 in der Presseabteilung, beim Multinationalen Kommando Operative F\u00fchrung in ULM (DEU), sowie ein nachfolgender 13 monatiger fotografischer Einsatz im Hauptquartier EUFOR\/ALTHEA, in Bosnien und Herzegowina, best\u00e4rkten mich einmal mehr in meinem fotografischen Tun.<\/p>\n<p>Einzigartige Momente festzuhalten, Emotionen einzufangen, Geschichten zu erz\u00e4hlen, die Realit\u00e4t zu interpretieren, Botschaften zu \u00fcbermitteln und diese k\u00fcnstlerisch zum Ausdruck zu bringen &#8211; all diese Aspekte waren Grund genug, mich mit dieser Materie zu besch\u00e4ftigen.<br \/>Denn, mit Arbeit die man liebt, erzielt man bekanntlich die besten Ergebnisse.<\/p>\n<p>Seit Juni 2023, liegt mein Augenmerk bei den Makroaufnahmen von Mikroorganismen des K\u00fcnstlers und Bacteriographen Erich Schopf. Er ist Entdecker, Regisseur, Maler und Dirigent seines Mikrokosmos-Ensembles.<\/p>\n<p>Die winzigen Akteure des Mikrokosmos sind mit freiem Auge nat\u00fcrlich nicht zu erkennen. Man findet sie unter anderem im Wasser, im Boden und auch in der Luft. Der menschliche K\u00f6rper wird ebenso von Abermilliarden Mikroorganismen besiedelt \u2013 unser Mikrobiom.<\/p>\n<p>Wir staunen immer wieder, wenn wir diese geheimnisvolle Welt gemeinsam erforschen.<\/p>\n<p>[\/et_pb_text][\/et_pb_column][\/et_pb_row][et_pb_row column_structure=&#8220;1_2,1_2&#8243; make_equal=&#8220;on&#8220; _builder_version=&#8220;4.21.2&#8243; _module_preset=&#8220;default&#8220; width=&#8220;100%&#8220; max_width=&#8220;1280px&#8220; global_colors_info=&#8220;{}&#8220;][et_pb_column type=&#8220;1_2&#8243; _builder_version=&#8220;4.21.2&#8243; _module_preset=&#8220;default&#8220; global_colors_info=&#8220;{}&#8220;][et_pb_text _builder_version=&#8220;4.27.4&#8243; _module_preset=&#8220;default&#8220; global_colors_info=&#8220;{}&#8220;]<\/p>\n<p><strong>Die kreative und technische Disziplin<\/strong><\/p>\n<p>Die Kunst der Fotografie ist wie eine symphonische Komposition aus Licht, Schatten, Farben und Formen. Die Linse als Pinsel, der Film als Leinwand, der wachsame und aufmerksame Blick eines Adlers, erfassen das Wesentliche eines Moments in seiner Sch\u00f6nheit. Man f\u00e4ngt diesen Moment in einem fl\u00fcchtigen Augenblick ein und h\u00e4lt ihn fest.<\/p>\n<p>Die Fotografie enth\u00fcllt die Seele der Dinge und zeigt uns das Verborgene. Ein Spiegel der Wirklichkeit und der Fantasie sind in einem Bild vereint.<br \/>In jedem Klick stecken eine Geschichte, eine Emotion und auch ein Moment des Lebens. Die Zeit steht still, w\u00e4hrend das Bild spricht und l\u00e4dt uns ein, in die Welt des Bildes einzutauchen.<\/p>\n<p><strong>Interaktionen zwischen Organismen und ihrer Umwelt<\/strong><\/p>\n<p>K\u00f6nnen Bakterien sehen und werden wir bei unseren Aufnahmen beobachtet!?<\/p>\n<p>Ich war anfangs doch etwas verwundert, besser gesagt sehr erstaunt, als ich w\u00e4hrend der Bearbeitung des Fotos tiefer hineinzoomte und pl\u00f6tzlich diese \u201ezwei Augen\u201c entdeckte.<\/p>\n<p>Nat\u00fcrlich k\u00f6nnen Bakterien nicht sehen, da sie kein visuelles System besitzen, wie wir es kennen. Sie reagieren vielmehr auf chemische Signale in ihrer Umgebung. Dieser Vorgang wird Chemotaxis genannt und beeinflusst die Bewegungsrichtung von Lebewesen. Es wird zwischen positiver und negativer Chemotaxis unterschieden. Im positiven Fall wandern die Lebewesen auf einen chemischen Stoff zu, im negativen Fall wenden sie sich von einem chemischen Stoff ab. Ob die Chemotaxis als Erkl\u00e4rungsmodell f\u00fcr die Entstehung der sehr komplexen Muster und Strukturen der Bacterio\u00e4sthetik ausreicht, muss noch gekl\u00e4rt werden.<\/p>\n<p>Es handelt sich also um Artefakte oder spezifische morphologische Merkmale der Bakterien, die bei der Makrofotografie sichtbar werden. Diese \u201ezwei Augen\u201c sind also Strukturen und Muster, die durch die Art und Weise, wie das Licht auf die Bakterien trifft, entstehen und geh\u00f6ren in die Kategorie der eher seltenen Entdeckungen. Es ist wirklich faszinierend, wie der f\u00fcr uns so verborgene Mikrokosmos aussieht und solche Aufnahmen k\u00f6nnen oft interessante und unerwartete Details zeigen. Ich freue mich sehr, dass ich der Entdecker sein durfte. Aber, war diese Bakterie ein Unikat? Wir werden es sehen. Ich bin \u00fcberzeugt, dass mich der Mikrokosmos noch mit vielen Entdeckungen \u00fcberraschen wird, seine Geheimnisse wird er wohl nie zur G\u00e4nze preisgeben. Es ist und bleibt f\u00fcr uns jedenfalls weiterhin spannend.<\/p>\n<p>[\/et_pb_text][\/et_pb_column][et_pb_column type=&#8220;1_2&#8243; _builder_version=&#8220;4.21.2&#8243; _module_preset=&#8220;default&#8220; global_colors_info=&#8220;{}&#8220;][et_pb_image src=&#8220;https:\/\/micromacroart.com\/micro\/wp-content\/uploads\/2025\/09\/Chemotaxis-Augen.jpg&#8220; title_text=&#8220;Chemotaxis Augen&#8220; _builder_version=&#8220;4.27.4&#8243; _module_preset=&#8220;default&#8220; global_colors_info=&#8220;{}&#8220;][\/et_pb_image][\/et_pb_column][\/et_pb_row][et_pb_row column_structure=&#8220;1_2,1_2&#8243; make_equal=&#8220;on&#8220; _builder_version=&#8220;4.21.2&#8243; _module_preset=&#8220;default&#8220; width=&#8220;100%&#8220; max_width=&#8220;1280px&#8220; global_colors_info=&#8220;{}&#8220;][et_pb_column type=&#8220;1_2&#8243; _builder_version=&#8220;4.21.2&#8243; _module_preset=&#8220;default&#8220; global_colors_info=&#8220;{}&#8220;][et_pb_image src=&#8220;https:\/\/micromacroart.com\/micro\/wp-content\/uploads\/2025\/09\/Nikon-Z7-MC-105mm-2.8-VR-S.jpg&#8220; title_text=&#8220;Nikon Z7 MC 105mm 2.8 VR S&#8220; _builder_version=&#8220;4.27.4&#8243; _module_preset=&#8220;default&#8220; global_colors_info=&#8220;{}&#8220;][\/et_pb_image][\/et_pb_column][et_pb_column type=&#8220;1_2&#8243; _builder_version=&#8220;4.21.2&#8243; _module_preset=&#8220;default&#8220; global_colors_info=&#8220;{}&#8220;][et_pb_text _builder_version=&#8220;4.27.4&#8243; _module_preset=&#8220;default&#8220; global_colors_info=&#8220;{}&#8220;]<\/p>\n<p><strong>Die Makro-Fotografie<\/strong><\/p>\n<p>Feine Strukturen der Bacteriographie und der Bacterio\u00e4sthetik scharf und detailreich abzubilden erfordert fachliches K\u00f6nnen, Geduld, Pr\u00e4zision, ein geschultes Auge f\u00fcr Details und Verst\u00e4ndnis f\u00fcr Komposition und Licht, sowie Hingabe. Ein gutes Makroobjektiv hat eine geringe Naheinstellgrenze, die es erm\u00f6glicht, extrem nahe an das Motiv heranzugehen und es dennoch fokussieren zu k\u00f6nnen. Mit einer DSLM-Kamera, einem Makroobjektiv 105 mm 1:2,8 VR S und AstrHori 25 mm f\/2.8, Makro 2.0-5.0x, sowie einem abgestimmten Blitzsystem ist es m\u00f6glich, die feinen Details und Strukturen im Makrobereich zu beeindruckenden Nahaufnahmen mit hoher Vergr\u00f6\u00dferung einzufangen.<\/p>\n<p>Die pr\u00e4zise Fokussierung ist entscheidend f\u00fcr scharfe und detailreiche Aufnahmen der Kunstwerke. Da selbst kleinste Ersch\u00fctterungen zu unscharfen Bildern f\u00fchren, ist die Verwendung eines Stativs unerl\u00e4sslich. Bereits nach unserem ersten Shooting im Juni 2023, war unsere Vorfreude auf die Entwicklung unserer Werke schon in hohem Ausma\u00df gegeben.<\/p>\n<p>[\/et_pb_text][\/et_pb_column][\/et_pb_row][\/et_pb_section][et_pb_section fb_built=&#8220;1&#8243; _builder_version=&#8220;4.21.2&#8243; _module_preset=&#8220;default&#8220; max_width_tablet=&#8220;&#8220; max_width_phone=&#8220;85%&#8220; max_width_last_edited=&#8220;on|phone&#8220; module_alignment=&#8220;center&#8220; custom_padding=&#8220;0px|||||&#8220; global_colors_info=&#8220;{}&#8220;][et_pb_row make_equal=&#8220;on&#8220; _builder_version=&#8220;4.21.2&#8243; _module_preset=&#8220;default&#8220; width=&#8220;100%&#8220; max_width=&#8220;1280px&#8220; global_colors_info=&#8220;{}&#8220;][et_pb_column type=&#8220;4_4&#8243; _builder_version=&#8220;4.21.2&#8243; _module_preset=&#8220;default&#8220; global_colors_info=&#8220;{}&#8220;][et_pb_blurb title=&#8220;- Ulrich Kallinger -&#8220; _builder_version=&#8220;4.21.2&#8243; _module_preset=&#8220;default&#8220; global_colors_info=&#8220;{}&#8220;]<\/p>\n<p>\u201eMach das ganz Kleine so gro\u00df, dass wir es geb\u00fchrend bewundern k\u00f6nnen.\u201c<\/p>\n<p>[\/et_pb_blurb][et_pb_social_media_follow icon_color=&#8220;#000000&#8243; _builder_version=&#8220;4.21.2&#8243; _module_preset=&#8220;default&#8220; background_color=&#8220;RGBA(255,255,255,0)&#8220; text_orientation=&#8220;center&#8220; width_tablet=&#8220;&#8220; width_phone=&#8220;100%&#8220; width_last_edited=&#8220;on|phone&#8220; max_width=&#8220;100%&#8220; module_alignment=&#8220;center&#8220; custom_padding=&#8220;|||0px||&#8220; text_orientation_tablet=&#8220;left&#8220; text_orientation_last_edited=&#8220;off|desktop&#8220; module_alignment_tablet=&#8220;center&#8220; module_alignment_phone=&#8220;center&#8220; module_alignment_last_edited=&#8220;on|phone&#8220; border_radii=&#8220;on|100px|100px|100px|100px&#8220; border_width_all=&#8220;1px&#8220; border_color_all=&#8220;#FFFFFF&#8220; locked=&#8220;off&#8220; global_colors_info=&#8220;{}&#8220;][et_pb_social_media_follow_network social_network=&#8220;facebook&#8220; url=&#8220;https:\/\/www.facebook.com\/ulrich.kallinger\/&#8220; _builder_version=&#8220;4.21.2&#8243; _module_preset=&#8220;default&#8220; custom_padding=&#8220;4px|4px|4px|4px|true|true&#8220; border_color_all=&#8220;#000000&#8243; global_colors_info=&#8220;{}&#8220; follow_button=&#8220;off&#8220; url_new_window=&#8220;on&#8220;]facebook[\/et_pb_social_media_follow_network][et_pb_social_media_follow_network social_network=&#8220;myspace&#8220; url=&#8220;https:\/\/ulando.at\/&#8220; icon_color=&#8220;#000000&#8243; _builder_version=&#8220;4.21.2&#8243; _module_preset=&#8220;default&#8220; background_enable_color=&#8220;off&#8220; custom_padding=&#8220;4px|4px|4px|4px|true|true&#8220; border_color_all=&#8220;#000000&#8243; global_colors_info=&#8220;{}&#8220; follow_button=&#8220;off&#8220; url_new_window=&#8220;on&#8220;]myspace[\/et_pb_social_media_follow_network][et_pb_social_media_follow_network social_network=&#8220;myspace&#8220; url=&#8220;https:\/\/photoprintshub.at&#8220; icon_color=&#8220;#000000&#8243; _builder_version=&#8220;4.21.2&#8243; _module_preset=&#8220;default&#8220; background_enable_color=&#8220;off&#8220; custom_padding=&#8220;4px|4px|4px|4px|true|true&#8220; border_color_all=&#8220;#000000&#8243; global_colors_info=&#8220;{}&#8220; follow_button=&#8220;off&#8220; url_new_window=&#8220;on&#8220;]myspace[\/et_pb_social_media_follow_network][et_pb_social_media_follow_network social_network=&#8220;instagram&#8220; url=&#8220;https:\/\/www.instagram.com\/ulando_photographs\/&#8220; icon_color=&#8220;#000000&#8243; _builder_version=&#8220;4.21.2&#8243; _module_preset=&#8220;default&#8220; background_color=&#8220;#ea2c59&#8243; background_enable_color=&#8220;off&#8220; custom_padding=&#8220;4px|4px|4px|4px|true|true&#8220; border_color_all=&#8220;#000000&#8243; global_colors_info=&#8220;{}&#8220; follow_button=&#8220;off&#8220; url_new_window=&#8220;on&#8220;]instagram[\/et_pb_social_media_follow_network][et_pb_social_media_follow_network social_network=&#8220;amazon&#8220; url=&#8220;http:\/\/amazon.com\/author\/ulando-photography&#8220; icon_color=&#8220;#000000&#8243; _builder_version=&#8220;4.21.2&#8243; _module_preset=&#8220;default&#8220; background_color=&#8220;#ff9900&#8243; background_enable_color=&#8220;off&#8220; custom_padding=&#8220;4px|4px|4px|4px|true|true&#8220; border_color_all=&#8220;#000000&#8243; global_colors_info=&#8220;{}&#8220; follow_button=&#8220;off&#8220; url_new_window=&#8220;on&#8220;]amazon[\/et_pb_social_media_follow_network][\/et_pb_social_media_follow][\/et_pb_column][\/et_pb_row][\/et_pb_section][et_pb_section fb_built=&#8220;1&#8243; custom_padding_last_edited=&#8220;on|phone&#8220; _builder_version=&#8220;4.21.2&#8243; _module_preset=&#8220;default&#8220; background_color=&#8220;#f9f9f9&#8243; custom_margin_tablet=&#8220;&#8220; custom_margin_phone=&#8220;&#8220; custom_margin_last_edited=&#8220;on|phone&#8220; custom_padding_tablet=&#8220;&#8220; custom_padding_phone=&#8220;0px||0px||false|false&#8220; global_colors_info=&#8220;{}&#8220;][et_pb_row _builder_version=&#8220;4.21.2&#8243; _module_preset=&#8220;default&#8220; global_colors_info=&#8220;{}&#8220;][et_pb_column type=&#8220;4_4&#8243; _builder_version=&#8220;4.21.2&#8243; _module_preset=&#8220;default&#8220; global_colors_info=&#8220;{}&#8220;][et_pb_text _builder_version=&#8220;4.21.2&#8243; _module_preset=&#8220;305128c6-9813-4b79-b7b9-7139d3703b88&#8243; text_orientation=&#8220;center&#8220; global_colors_info=&#8220;{}&#8220;]<\/p>\n<header class=\"section__header container text-container\">\n<h1 class=\"heading h2\" style=\"text-align: center;\">Fotos<\/h1>\n<\/header>\n<p>[\/et_pb_text][\/et_pb_column][\/et_pb_row][\/et_pb_section][et_pb_section fb_built=&#8220;1&#8243; _builder_version=&#8220;4.21.2&#8243; _module_preset=&#8220;default&#8220; background_color=&#8220;#f9f9f9&#8243; max_width_tablet=&#8220;&#8220; max_width_phone=&#8220;85%&#8220; max_width_last_edited=&#8220;on|phone&#8220; module_alignment=&#8220;center&#8220; global_colors_info=&#8220;{}&#8220;][et_pb_row use_custom_gutter=&#8220;on&#8220; gutter_width=&#8220;2&#8243; _builder_version=&#8220;4.21.2&#8243; _module_preset=&#8220;default&#8220; width=&#8220;100%&#8220; max_width=&#8220;1440px&#8220; global_colors_info=&#8220;{}&#8220;][et_pb_column type=&#8220;4_4&#8243; _builder_version=&#8220;4.21.2&#8243; _module_preset=&#8220;default&#8220; global_colors_info=&#8220;{}&#8220;][et_pb_gallery gallery_ids=&#8220;626,627,628,629&#8243; orientation=&#8220;portrait&#8220; show_title_and_caption=&#8220;off&#8220; zoom_icon_color=&#8220;#000000&#8243; _builder_version=&#8220;4.27.4&#8243; _module_preset=&#8220;default&#8220; pagination_text_align=&#8220;center&#8220; pagination_text_color=&#8220;#000000&#8243; width=&#8220;100%&#8220; max_width=&#8220;100%&#8220; module_alignment=&#8220;center&#8220; box_shadow_style_image=&#8220;preset1&#8243; global_colors_info=&#8220;{}&#8220;][\/et_pb_gallery][\/et_pb_column][\/et_pb_row][\/et_pb_section]<\/p>\n","protected":false},"excerpt":{"rendered":"<p>Der FotograF Ulrich Kallinger &#8211; \u00a0Fotograf &amp; Lichtregisseur\u00a0 Kreativit\u00e4t, technisches Know-How, ein Auge f\u00fcr Details, Geduld, Flexibilit\u00e4t,Kommunikationsf\u00e4higkeit, Leidenschaft und Verl\u00e4sslichkeit sind Grunds\u00e4ulen eines Fotografen. Ich bin in Ober\u00f6sterreich geboren und aufgewachsen, Berufssoldat, lebe in Wien und besch\u00e4ftige mich seit 2013 intensiv mit der Kunst der Fotografie. Meine Dienstzeit als Pressefotograf von 2013 bis 2017 in [&hellip;]<\/p>\n","protected":false},"author":2,"featured_media":0,"parent":0,"menu_order":0,"comment_status":"closed","ping_status":"closed","template":"","meta":{"_et_pb_use_builder":"on","_et_pb_old_content":"","_et_gb_content_width":"","footnotes":""},"class_list":["post-439","page","type-page","status-publish","hentry"],"_links":{"self":[{"href":"https:\/\/micromacroart.com\/micro\/wp-json\/wp\/v2\/pages\/439","targetHints":{"allow":["GET"]}}],"collection":[{"href":"https:\/\/micromacroart.com\/micro\/wp-json\/wp\/v2\/pages"}],"about":[{"href":"https:\/\/micromacroart.com\/micro\/wp-json\/wp\/v2\/types\/page"}],"author":[{"embeddable":true,"href":"https:\/\/micromacroart.com\/micro\/wp-json\/wp\/v2\/users\/2"}],"replies":[{"embeddable":true,"href":"https:\/\/micromacroart.com\/micro\/wp-json\/wp\/v2\/comments?post=439"}],"version-history":[{"count":13,"href":"https:\/\/micromacroart.com\/micro\/wp-json\/wp\/v2\/pages\/439\/revisions"}],"predecessor-version":[{"id":800,"href":"https:\/\/micromacroart.com\/micro\/wp-json\/wp\/v2\/pages\/439\/revisions\/800"}],"wp:attachment":[{"href":"https:\/\/micromacroart.com\/micro\/wp-json\/wp\/v2\/media?parent=439"}],"curies":[{"name":"wp","href":"https:\/\/api.w.org\/{rel}","templated":true}]}}